{"id":384,"date":"2021-05-04T11:27:48","date_gmt":"2021-05-04T11:27:48","guid":{"rendered":"https:\/\/erdibeton.hu\/?page_id=384"},"modified":"2021-05-04T11:27:48","modified_gmt":"2021-05-04T11:27:48","slug":"384-2","status":"publish","type":"page","link":"https:\/\/erdibeton.hu\/?page_id=384","title":{"rendered":""},"content":{"rendered":"<p>[et_pb_section fb_built=&#8221;1&#8243; _builder_version=&#8221;4.8.1&#8243; _module_preset=&#8221;default&#8221;][et_pb_row _builder_version=&#8221;4.8.1&#8243; _module_preset=&#8221;default&#8221;][et_pb_column _builder_version=&#8221;4.8.1&#8243; _module_preset=&#8221;default&#8221; type=&#8221;4_4&#8243;][et_pb_text _builder_version=&#8221;4.8.1&#8243; _module_preset=&#8221;default&#8221; hover_enabled=&#8221;0&#8243; sticky_enabled=&#8221;0&#8243;]<\/p>\n<p>GDPR<\/p>\n<p>ADATV\u00c9DELMI T\u00c1J\u00c9KOZTAT\u00d3<\/p>\n<p>amelyben t\u00e1j\u00e9koztatjuk \u00d6nt, mint honlapunk \u00e9s web\u00e1ruh\u00e1zunk l\u00e1togat\u00f3j\u00e1t, valamint szolg\u00e1ltat\u00e1saink ig\u00e9nybe vev\u0151j\u00e9t t\u00e1rsas\u00e1gunk adatkezel\u00e9si \u00e9s adatv\u00e9delmi szab\u00e1lyair\u00f3l.<\/p>\n<ol>\n<li><strong>Milyen alapelveket k\u00f6vet\u00fcnk adatkezel\u00e9s\u00fcnk sor\u00e1n?<\/strong><\/li>\n<\/ol>\n<p>T\u00e1rsas\u00e1gunk az adatkezel\u00e9se sor\u00e1n al\u00e1bbi alapelveket k\u00f6veti:<\/p>\n<ol>\n<li>a szem\u00e9lyes adatokat jogszer\u0171en \u00e9s tisztess\u00e9gesen, valamint az \u00d6n sz\u00e1m\u00e1ra \u00e1tl\u00e1that\u00f3an kezelj\u00fck.<\/li>\n<li>a szem\u00e9lyes adatokat csak meghat\u00e1rozott, egy\u00e9rtelm\u0171 \u00e9s jogszer\u0171 c\u00e9lb\u00f3l gy\u0171jtj\u00fck \u00e9s azokat nem kezelj\u00fck a c\u00e9lokkal \u00f6ssze nem egyeztethet\u0151 m\u00f3don.<\/li>\n<li>az \u00e1ltalunk gy\u0171jt\u00f6tt \u00e9s kezelt szem\u00e9lyes adatok az adatkezel\u00e9s c\u00e9ljai szempontj\u00e1b\u00f3l megfelel\u0151ek \u00e9s relev\u00e1nsak, valamint csak a sz\u00fcks\u00e9gesre korl\u00e1toz\u00f3dnak.<\/li>\n<li>T\u00e1rsas\u00e1gunk minden \u00e9szszer\u0171 int\u00e9zked\u00e9st megtesz annak \u00e9rdek\u00e9ben, hogy az \u00e1ltalunk kezelt adatok pontosak \u00e9s sz\u00fcks\u00e9g eset\u00e9n naprak\u00e9szek legyenek, a pontatlan szem\u00e9lyes adatokat halad\u00e9ktalanul t\u00f6r\u00f6lj\u00fck vagy helyesb\u00edtj\u00fck.<\/li>\n<li>a szem\u00e9lyes adatokat olyan form\u00e1ban t\u00e1roljuk, hogy \u00d6n csak a szem\u00e9lyes adatok kezel\u00e9se c\u00e9ljainak el\u00e9r\u00e9s\u00e9hez sz\u00fcks\u00e9ges ideig legyen azonos\u00edthat\u00f3.<\/li>\n<li>megfelel\u0151 technikai \u00e9s szervez\u00e9si int\u00e9zked\u00e9sek alkalmaz\u00e1s\u00e1val biztos\u00edtjuk a szem\u00e9lyes adatok megfelel\u0151 biztons\u00e1g\u00e1t az adatok jogosulatlan vagy jogellenes kezel\u00e9s\u00e9vel, v\u00e9letlen elveszt\u00e9s\u00e9vel, megsemmis\u00edt\u00e9s\u00e9vel vagy k\u00e1rosod\u00e1s\u00e1val szemben.<\/li>\n<\/ol>\n<p><strong>T\u00e1rsas\u00e1gunk az \u00d6n szem\u00e9lyes adatait<\/strong><\/p>\n<ol>\n<li>az \u00d6n el\u0151zetes t\u00e1j\u00e9koztat\u00e1son alapul\u00f3 \u00e9s \u00f6nk\u00e9ntes hozz\u00e1j\u00e1rul\u00e1sa alapj\u00e1n \u00e9s csakis a sz\u00fcks\u00e9ges m\u00e9rt\u00e9kben \u00e9s minden esetben c\u00e9lhoz k\u00f6t\u00f6tten kezelj\u00fck, azaz gy\u0171jtj\u00fck, r\u00f6gz\u00edtj\u00fck, rendszerezz\u00fck, t\u00e1roljuk \u00e9s felhaszn\u00e1ljuk.<\/li>\n<li>egyes esetekben az \u00d6n adatainak kezel\u00e9se jogszab\u00e1lyi el\u0151\u00edr\u00e1sokon alapul \u00e9s k\u00f6telez\u0151 jelleg\u0171, ilyen esetekben erre a t\u00e9nyre k\u00fcl\u00f6n felh\u00edvjuk az \u00d6n figyelm\u00e9t.<\/li>\n<li>illetve bizonyos esetekben az \u00d6n szem\u00e9lyes adatainak kezel\u00e9s\u00e9hez T\u00e1rsas\u00e1gunknak, vagy pedig harmadik szem\u00e9lynek f\u0171z\u0151dik jogos \u00e9rdeke, p\u00e9ld\u00e1ul honlapunk, web\u00e1ruh\u00e1zunk \u00e9s mobil alkalmaz\u00e1sunk m\u0171k\u00f6dtet\u00e9se, fejleszt\u00e9se \u00e9s biztons\u00e1ga.<\/li>\n<\/ol>\n<ul>\n<li><strong>Kik vagyunk?<\/strong><\/li>\n<\/ul>\n<p>A T\u00e1rsas\u00e1gunk sz\u00e9khelye: 2030, \u00c9rd, Duna utca 42.<\/p>\n<p>A T\u00e1rsas\u00e1gunk telephelye: 2030, \u00c9rd, Duna utca 42.<\/p>\n<p>A T\u00e1rsas\u00e1gunk honlapja: erdibeton.hu<\/p>\n<p>Postac\u00edm\u00fcnk: 2030, \u00c9rd, Duna utca 42.<\/p>\n<p>E-mail c\u00edm\u00fcnk: csehattila01@gmail.com<\/p>\n<p>T\u00e1rsas\u00e1gunk a GDPR 37. cikke alapj\u00e1n nem k\u00f6teles adatv\u00e9delmi tisztvisel\u0151 kinevez\u00e9s\u00e9re \/ T\u00e1rsas\u00e1gunk adatv\u00e9delmi tisztvisel\u0151j\u00e9nek el\u00e9rhet\u0151s\u00e9ge: csehattila01@gmail.com<\/p>\n<p>T\u00e1rsas\u00e1gunk t\u00e1rhely szolg\u00e1ltat\u00f3j\u00e1nak neve, c\u00edme \u00e9s el\u00e9rhet\u0151s\u00e9ge: closte.com<\/p>\n<p><strong>Direkt marketing\u00a0<em>\u00e9s\/vagy<\/em>\u00a0h\u00edrlev\u00e9l szolg\u00e1ltat\u00e1sunkkal kapcsolatos adatfeldolgoz\u00f3k<\/strong><\/p>\n<p><strong>Az \u00e1ltalunk kezelt adatok:<\/strong><\/p>\n<table width=\"1080\">\n<tbody>\n<tr>\n<td>\n<p><strong>Tev\u00e9kenys\u00e9g \u00a0\u00a0\u00a0\u00a0\u00a0\u00a0\u00a0\u00a0\u00a0megnevez\u00e9se \u00e9s az adatkezel\u00e9s c\u00e9lja<\/strong><\/p>\n<\/td>\n<td>\n<p><strong>Jogalap<\/strong><\/p>\n<\/td>\n<td>\n<p><strong>Kezelt adatok<\/strong><\/p>\n<\/td>\n<td>\n<p><strong>Id\u0151tartam<\/strong><\/p>\n<\/td>\n<td>\n<p><strong>Nyilv\u00e1ntart\u00e1si sz\u00e1m<\/strong><\/p>\n<\/td>\n<\/tr>\n<tr>\n<td>\n<p><strong>Honlap l\u00e1togat\u00e1sa\u00a0<\/strong>C\u00e9l a honlap rendeltet\u00e9sszer\u0171 \u00e9s sz\u00ednvonalas m\u0171k\u00f6d\u00e9s\u00e9nek biztos\u00edt\u00e1sa, a szolg\u00e1ltat\u00e1saink min\u0151s\u00e9g\u00e9nek ellen\u0151rz\u00e9se \u00e9s jav\u00edt\u00e1sa, a rosszindulat\u00fa, weboldalunkat t\u00e1mad\u00f3 l\u00e1togat\u00f3k beazonos\u00edt\u00e1s, a l\u00e1togatotts\u00e1g m\u00e9r\u00e9s\u00e9re, statisztikai c\u00e9lok<\/p>\n<\/td>\n<td>\n<p>T\u00e1rsas\u00e1gunk jogos \u00e9rdeke<\/p>\n<\/td>\n<td>\n<p>IP c\u00edm a l\u00e1togat\u00e1s id\u0151pontja a megl\u00e1togatott aloldalak adatai, az \u00d6n \u00e1ltal haszn\u00e1lt oper\u00e1ci\u00f3s rendszer \u00e9s b\u00f6ng\u00e9sz\u0151 t\u00edpusa<\/p>\n<\/td>\n<td>\n<p>6 h\u00f3nap<\/p>\n<\/td>\n<td><\/td>\n<\/tr>\n<tr>\n<td>\n<p><strong>Regisztr\u00e1ci\u00f3 a honlapon<\/strong>C\u00e9l a l\u00e1togat\u00f3inknak teljesebb felhaszn\u00e1l\u00f3i \u00e9lm\u00e9ny ny\u00fajt\u00e1sa \u00e9rtes\u00edt\u00e9s \u00fczemsz\u00fcnetr\u0151l, t\u00e1rsas\u00e1gunk el\u00e9rhet\u0151s\u00e9g\u00e9nek m\u00f3dosul\u00e1s\u00e1r\u00f3l, stb.<\/p>\n<\/td>\n<td>\n<p>hozz\u00e1j\u00e1rul\u00e1s<\/p>\n<\/td>\n<td>\n<p>vezet\u00e9kn\u00e9v, keresztn\u00e9v sz\u00fclet\u00e9si id\u0151pont (16 vagy 18 \u00e9let\u00e9v bet\u00f6lt\u00e9s\u00e9nek igazol\u00e1s\u00e1hoz) e-mail c\u00edm<\/p>\n<\/td>\n<td>\n<p>a regisztr\u00e1ci\u00f3 t\u00f6rl\u00e9s\u00e9ig, illetve a hozz\u00e1j\u00e1rul\u00e1s visszavon\u00e1s\u00e1ig<\/p>\n<\/td>\n<td><\/td>\n<\/tr>\n<tr>\n<td>\n<p><strong>Web\u00e1ruh\u00e1z szolg\u00e1ltat\u00e1sainak ig\u00e9nybe v\u00e9tele\u00a0<\/strong>C\u00e9l a l\u00e1togat\u00f3k regisztr\u00e1ci\u00f3ja \u00e9s nyilv\u00e1ntart\u00e1sa, megrendel\u00e9sek kezel\u00e9se \u00e9s teljes\u00edt\u00e9se, a v\u00e1s\u00e1rl\u00e1sok, a sz\u00e1ml\u00e1z\u00e1s \u00e9s a k\u00e9zbes\u00edt\u00e9s kezel\u00e9se, panaszok kezel\u00e9se, visszah\u00edv\u00e1sok \u00fcgyint\u00e9z\u00e9se, v\u00e1s\u00e1rl\u00f3ink szok\u00e1sainak elemz\u00e9se, v\u00e1s\u00e1rl\u00f3inkkal kapcsolattart\u00e1s.<\/p>\n<\/td>\n<td>\n<p>hozz\u00e1j\u00e1rul\u00e1s szerz\u0151d\u00e9s jogszab\u00e1lyi rendelkez\u00e9s (GDPR 6.cikk (1) bek. c) pont, Eker tv. 13\/A \u00a7, Sz\u00e1mv. tv. 169. \u00a7).<\/p>\n<\/td>\n<td>\n<p>teljes n\u00e9v, telefonsz\u00e1m \u00e9s e-mail c\u00edm,\u00a0<em>online azonos\u00edt\u00f3 sz\u00e1m,\u00a0<\/em>az \u00d6n v\u00e1s\u00e1rl\u00e1sainak adatai (term\u00e9k, mennyis\u00e9g, \u00e1r, id\u0151pont), fizet\u00e9ssel kapcsolatos adatok (fizet\u00e9si hat\u00e1rid\u0151, banksz\u00e1mlasz\u00e1m, bank- vagy hitelk\u00e1rtyasz\u00e1m, e-p\u00e9nzt\u00e1rca, ut\u00e1nv\u00e9tel, stb.), egyszeri vagy tart\u00f3s kedvezm\u00e9nyek, akci\u00f3kban r\u00e9szv\u00e9tel, kisz\u00e1ll\u00edt\u00e1ssal kapcsolatos adatok: kisz\u00e1ll\u00edt\u00e1si hat\u00e1rid\u0151 \u00e9s kisz\u00e1ll\u00edt\u00e1si c\u00edm (ir\u00e1ny\u00edt\u00f3sz\u00e1m, telep\u00fcl\u00e9s, k\u00f6zter\u00fclet neve \u00e9s jellege, h\u00e1zsz\u00e1m, emelet, ajt\u00f3) vagy az \u00e1tv\u00e9teli pont adatai, sz\u00e1ml\u00e1z\u00e1si n\u00e9v, term\u00e9szetes szem\u00e9ly eset\u00e9n teljes n\u00e9v, az \u00d6n ad\u00f3sz\u00e1ma vagy ad\u00f3azonos\u00edt\u00f3 jele (amennyiben ezek az adatok a sz\u00e1ml\u00e1z\u00e1shoz sz\u00fcks\u00e9gesek) sz\u00e1ml\u00e1z\u00e1si c\u00edm (ir\u00e1ny\u00edt\u00f3sz\u00e1m, telep\u00fcl\u00e9s, k\u00f6zter\u00fclet neve \u00e9s jellege, h\u00e1zsz\u00e1m, emelet, ajt\u00f3).<\/p>\n<\/td>\n<td>\n<p>web\u00e1ruh\u00e1z m\u0171k\u00f6d\u00e9s\u00e9nek id\u0151tartama alatt hat\u00e1rozatlan ideig, de legk\u00e9s\u0151bb az adatkezel\u00e9si hozz\u00e1j\u00e1rul\u00e1s visszavon\u00e1s\u00e1ig \u00a0 A szerz\u0151d\u00e9sek teljes\u00edt\u00e9s\u00e9hez kapcsol\u00f3d\u00f3 adatok meg\u0151rz\u00e9si ideje 5 \u00e9v. \u00a0A ki\u00e1ll\u00edtott sz\u00e1ml\u00e1knak \u00e9s azon iratoknak, melyek alapj\u00e1n a sz\u00e1ml\u00e1k ki\u00e1ll\u00edt\u00e1sa megt\u00f6rt\u00e9nt, a meg\u0151rz\u00e9si ideje 8 \u00e9v.<\/p>\n<\/td>\n<td><\/td>\n<\/tr>\n<tr>\n<td><\/td>\n<td><\/td>\n<td><\/td>\n<td><\/td>\n<td><\/td>\n<\/tr>\n<tr>\n<td><\/td>\n<td><\/td>\n<td><\/td>\n<td><\/td>\n<td><\/td>\n<\/tr>\n<tr>\n<td>\n<p><strong>\u00dcgyint\u00e9z\u00e9s, panasz<\/strong>\u00e9szrev\u00e9telre, panaszra v\u00e1laszad\u00e1s<\/p>\n<\/td>\n<td>\n<p>jogi k\u00f6telezetts\u00e9g<\/p>\n<\/td>\n<td>\n<p>teljes n\u00e9ve-mail c\u00edmtelefonsz\u00e1mlevelez\u00e9si c\u00edme gy\u00e9b szem\u00e9lyes \u00fczenet<\/p>\n<\/td>\n<td>\n<p>5 \u00e9vig<\/p>\n<\/td>\n<td><\/td>\n<\/tr>\n<tr>\n<td><\/td>\n<td><\/td>\n<td><\/td>\n<td><\/td>\n<td><\/td>\n<\/tr>\n<\/tbody>\n<\/table>\n<p>A weboldalunk l\u00e1togat\u00f3inkt\u00f3l csak akkor k\u00e9rj\u00fck szem\u00e9lyes adataikat, ha regisztr\u00e1lni, bejelentkezni, nyerem\u00e9nyj\u00e1t\u00e9kban r\u00e9szt venni, illetve a web\u00e1ruh\u00e1zunkban v\u00e1s\u00e1rolni szeretn\u00e9nek.<\/p>\n<p>A regisztr\u00e1ci\u00f3 illetve a web\u00e1ruh\u00e1z szolg\u00e1ltat\u00e1sainak ig\u00e9nybev\u00e9tele kapcs\u00e1n megadott szem\u00e9lyes adatokat nem kapcsolhatjuk \u00f6ssze \u00e9s a l\u00e1togat\u00f3ink beazonos\u00edt\u00e1sa alapvet\u0151en nem c\u00e9lunk.<\/p>\n<p>Az adatkezel\u00e9ssel kapcsolatos k\u00e9rd\u00e9seivel \u00d6n\u00a0csehattila01@gmail.com\u00a0e-mail, illetve postac\u00edmen k\u00e9rhet tov\u00e1bbi t\u00e1j\u00e9koztat\u00e1st, v\u00e1laszunkat k\u00e9sedelem n\u00e9lk\u00fcl, 14 napon bel\u00fcl (legfeljebb azonban 1 h\u00f3napon bel\u00fcl) megk\u00fcldj\u00fck \u00d6nnek az \u00d6n \u00e1ltal megadott el\u00e9rhet\u0151s\u00e9gre.<\/p>\n<ul>\n<li><strong>Mik azok a s\u00fctik \u00e9s hogyan kezelj\u00fck \u0151ket?<\/strong><\/li>\n<\/ul>\n<p>A s\u00fctik (cookie-k) olyan kism\u00e9ret\u0171 adatf\u00e1jlok (tov\u00e1bbiakban: s\u00fctik), amelyek a weboldalon kereszt\u00fcl a weboldal haszn\u00e1lat\u00e1val ker\u00fclnek az \u00d6n sz\u00e1m\u00edt\u00f3g\u00e9p\u00e9re \u00fagy, hogy azokat az \u00d6n internetes b\u00f6ng\u00e9sz\u0151je menti le \u00e9s t\u00e1rolja el. A leggyakrabban haszn\u00e1lt internetes b\u00f6ng\u00e9sz\u0151k (Chrome, Firefox, stb.) t\u00f6bbs\u00e9ge alapbe\u00e1ll\u00edt\u00e1sk\u00e9nt elfogadja \u00e9s enged\u00e9lyezi a s\u00fctik let\u00f6lt\u00e9s\u00e9t \u00e9s haszn\u00e1lat\u00e1t, az viszont m\u00e1r \u00d6nt\u0151l f\u00fcgg, hogy a b\u00f6ng\u00e9sz\u0151 be\u00e1ll\u00edt\u00e1sainak m\u00f3dos\u00edt\u00e1s\u00e1val ezeket visszautas\u00edtja vagy letiltja, illetve \u00d6n a m\u00e1r a sz\u00e1m\u00edt\u00f3g\u00e9pen l\u00e9v\u0151 elt\u00e1rolt s\u00fctiket is tudja t\u00f6r\u00f6lni.\u00a0 A s\u00fctik haszn\u00e1lat\u00e1r\u00f3l az egyes b\u00f6ng\u00e9sz\u0151k \u201es\u00fag\u00f3\u201d men\u00fcpontja ny\u00fajt b\u0151vebb t\u00e1j\u00e9koztat\u00e1st.<\/p>\n<p>Vannak olyan s\u00fctik, amelyek nem ig\u00e9nylik az \u00d6n el\u0151zetes hozz\u00e1j\u00e1rul\u00e1s\u00e1t. Ezekr\u0151l weblapunk az \u00d6n els\u0151 l\u00e1togat\u00e1s\u00e1nak megkezd\u00e9sekor ad r\u00f6vid t\u00e1j\u00e9koztat\u00e1st, ilyenek p\u00e9ld\u00e1ul a hiteles\u00edt\u00e9si, multim\u00e9dia-lej\u00e1tsz\u00f3, terhel\u00e9skiegyenl\u00edt\u0151, a felhaszn\u00e1l\u00f3i fel\u00fclet testreszab\u00e1s\u00e1t seg\u00edt\u0151 munkamenet-s\u00fctik, valamint a felhaszn\u00e1l\u00f3-k\u00f6zpont\u00fa biztons\u00e1gi s\u00fctik.<\/p>\n<p>A hozz\u00e1j\u00e1rul\u00e1st ig\u00e9nyl\u0151 s\u00fctikr\u0151l \u2013 amennyiben az adatkezel\u00e9s m\u00e1r az oldal felkeres\u00e9s\u00e9vel megkezd\u0151dik \u2013 a T\u00e1rsas\u00e1gunk az els\u0151 l\u00e1togat\u00e1s megkezd\u00e9sekor t\u00e1j\u00e9koztatja \u00d6nt \u00e9s k\u00e9rj\u00fck az \u00d6n hozz\u00e1j\u00e1rul\u00e1s\u00e1t.<\/p>\n<p>T\u00e1rsas\u00e1gunk nem alkalmaz \u00e9s nem is enged\u00e9lyez olyan s\u00fctiket, amelyek seg\u00edts\u00e9g\u00e9vel harmadik szem\u00e9lyek az \u00d6n hozz\u00e1j\u00e1rul\u00e1sa n\u00e9lk\u00fcl adatot gy\u0171jthetnek.<\/p>\n<p>A s\u00fctik elfogad\u00e1sa nem k\u00f6telez\u0151, a T\u00e1rsas\u00e1gunk azonban nem v\u00e1llal az\u00e9rt felel\u0151ss\u00e9get, ha s\u00fctik enged\u00e9lyez\u00e9se hi\u00e1ny\u00e1ban a weblapunk esetleg nem az elv\u00e1rt m\u00f3don m\u0171k\u00f6dik.<\/p>\n<p><strong>Milyen s\u00fctiket alkalmazunk?<\/strong><\/p>\n<table width=\"1080\">\n<tbody>\n<tr>\n<td>\n<p>T\u00edpus<\/p>\n<\/td>\n<td>\n<p>N\u00e9v<\/p>\n<\/td>\n<td>\n<p>Hozz\u00e1j\u00e1rul\u00e1s<\/p>\n<\/td>\n<td>\n<p>Le\u00edr\u00e1s<\/p>\n<\/td>\n<td>\n<p>C\u00e9l<\/p>\n<\/td>\n<td>\n<p>\u00c9rv\u00e9nyess\u00e9g<\/p>\n<\/td>\n<\/tr>\n<tr>\n<td>\n<p><em>rendszer s\u00fctik<\/em><\/p>\n<\/td>\n<td><\/td>\n<td>\n<p><em>nem ig\u00e9nyel<\/em><\/p>\n<\/td>\n<td>\n<p><em>a webes alkalmaz\u00e1s t\u0171zfal\u00e1nak session s\u00fctije, amely a kereszthivatkoz\u00e1sok elleni vissza\u00e9l\u00e9s megel\u0151z\u00e9s\u00e9re szolg\u00e1l<\/em><\/p>\n<\/td>\n<td>\n<p><em>honlap m\u0171k\u00f6d\u00e9s\u00e9nek biztos\u00edt\u00e1sa<\/em><\/p>\n<\/td>\n<td>\n<p><em>b\u00f6ng\u00e9sz\u0151 session v\u00e9ge<\/em><\/p>\n<\/td>\n<\/tr>\n<tr>\n<td>\n<p><em>nyomk\u00f6vet\u0151 s\u00fcti<\/em><\/p>\n<\/td>\n<td><\/td>\n<td>\n<p><em>ig\u00e9nyel<\/em><\/p>\n<\/td>\n<td>\n<p><em>szem\u00e9lyre szab\u00e1shoz<\/em><\/p>\n<\/td>\n<td>\n<p><em>\u00d6n be\u00e1ll\u00edt\u00e1sainak megjegyez\u00e9seszolg\u00e1ltat\u00e1sunk hat\u00e9konys\u00e1g\u00e1nak n\u00f6vel\u00e9se<\/em><\/p>\n<\/td>\n<td>\n<p>14<em> nap<\/em><\/p>\n<\/td>\n<\/tr>\n<tr>\n<td>\n<p><em>nyomk\u00f6vet\u0151 s\u00fcti\u00a0(harmadik f\u00e9lt\u0151l sz\u00e1rmaz\u00f3)<\/em><\/p>\n<\/td>\n<td><\/td>\n<td>\n<p>\u00a0\u00a0<em>nem ig\u00e9nyel<\/em><\/p>\n<\/td>\n<td>\n<p><em>\u00faj session-\u00f6k \u00e9s l\u00e1togat\u00f3k azonos\u00edt\u00e1s\u00e1ra,\u00a0 a Google Analytics webes nyomk\u00f6vet\u0151 szolg\u00e1ltat\u00e1s ment le<\/em><\/p>\n<\/td>\n<td>\n<p><em>a weboldal l\u00e1togat\u00e1sa sor\u00e1n harmadik szem\u00e9lyek (pl. Google) szolg\u00e1ltat\u00e1saihoz kapcsol\u00f3dik<\/em><\/p>\n<\/td>\n<td>\n<p>\u00a060<em>\u00a0perc<\/em><\/p>\n<\/td>\n<\/tr>\n<tr>\n<td><\/td>\n<td><\/td>\n<td><\/td>\n<td><\/td>\n<td><\/td>\n<td><\/td>\n<\/tr>\n<tr>\n<td><\/td>\n<td><\/td>\n<td><\/td>\n<td><\/td>\n<td><\/td>\n<td><\/td>\n<\/tr>\n<tr>\n<td><\/td>\n<td><\/td>\n<td><\/td>\n<td><\/td>\n<td><\/td>\n<td><\/td>\n<\/tr>\n<\/tbody>\n<\/table>\n<p>A harmadik f\u00e9lt\u0151l sz\u00e1rmaz\u00f3 s\u00fctir\u0151l (third party cookie) r\u00e9szletesen itt\u00a0<a href=\"https:\/\/www.google.com\/policies\/technologies\/types\/\">https:\/\/www.google.com\/policies\/technologies\/types\/<\/a>,\u00a0\u00a0 az adatv\u00e9delemr\u0151l pedig itt\u00a0<a href=\"https:\/\/www.google.com\/analytics\/learn\/privacy.html?hl=hu\">https:\/\/www.google.com\/analytics\/learn\/privacy.html?hl=hu<\/a>\u00a0olvashat<\/p>\n<ul>\n<li><strong>Mit kell tudni m\u00e9g web\u00e1ruh\u00e1zunk adatkezel\u00e9s\u00e9r\u0151l?<\/strong><\/li>\n<\/ul>\n<p>A szem\u00e9lyes adatokat \u00d6n \u00f6nk\u00e9ntesen bocs\u00e1tja rendelkez\u00e9s\u00fcnkre a regisztr\u00e1ci\u00f3, a v\u00e1s\u00e1rl\u00e1s illetve a T\u00e1rsas\u00e1gunkkal kapcsolattart\u00e1sa sor\u00e1n, \u00e9ppen ez\u00e9rt k\u00e9rj\u00fck, hogy adatai k\u00f6zl\u00e9sekor fokozatosan \u00fcgyeljen azok val\u00f3dis\u00e1g\u00e1ra, helyess\u00e9g\u00e9re \u00e9s pontoss\u00e1g\u00e1ra, mert ezek\u00e9rt \u00d6n felel\u0151s. A helytelen, pontatlan vagy hi\u00e1nyos adat akad\u00e1lya lehet a szolg\u00e1ltat\u00e1saink ig\u00e9nybev\u00e9tel\u00e9nek.<\/p>\n<p>Amennyiben \u00d6n nem a saj\u00e1t, hanem m\u00e1s szem\u00e9ly szem\u00e9lyes adatait adja meg, \u00fagy v\u00e9lelmezz\u00fck, hogy \u00d6n az ehhez sz\u00fcks\u00e9ges felhatalmaz\u00e1ssal rendelkezik.<\/p>\n<p>\u00d6n az adatkezel\u00e9shez adott hozz\u00e1j\u00e1rul\u00e1s\u00e1t b\u00e1rmikor ingyenesen visszavonhatja<\/p>\n<ul>\n<li>a regisztr\u00e1ci\u00f3 t\u00f6rl\u00e9s\u00e9vel,<\/li>\n<li>az adatkezel\u00e9shez hozz\u00e1j\u00e1rul\u00e1s visszavon\u00e1s\u00e1val, illetve<\/li>\n<li>a regisztr\u00e1ci\u00f3 sor\u00e1n felt\u00e9tlen kit\u00f6ltend\u0151 b\u00e1rmely adat kezel\u00e9s\u00e9hez vagy felhaszn\u00e1l\u00e1s\u00e1hoz val\u00f3 hozz\u00e1j\u00e1rul\u00e1s visszavon\u00e1s\u00e1val vagy z\u00e1rol\u00e1s\u00e1nak k\u00e9r\u00e9s\u00e9vel.<\/li>\n<\/ul>\n<p>A hozz\u00e1j\u00e1rul\u00e1s visszavon\u00e1s\u00e1nak regisztr\u00e1l\u00e1s\u00e1t \u2013 technikai okokb\u00f3l \u2013\u00a0 \u2026 napos hat\u00e1rid\u0151vel v\u00e1llaljuk, azonban felh\u00edvjuk a figyelm\u00e9t arra, hogy jogi k\u00f6telezetts\u00e9g\u00fcnk teljes\u00edt\u00e9se vagy jogos \u00e9rdekeink \u00e9rv\u00e9nyes\u00edt\u00e9se c\u00e9lj\u00e1b\u00f3l bizonyos adatokat a hozz\u00e1j\u00e1rul\u00e1s visszavon\u00e1sa ut\u00e1n is kezelhet\u00fcnk (Pl. Sz\u00e1mv tv. 169. \u00a7 , Fogyv tv. 17\/A \u00a7)<\/p>\n<p>Megt\u00e9veszt\u0151 szem\u00e9lyes adat haszn\u00e1lata eset\u00e9n, illetve ha valamelyik l\u00e1togat\u00f3nk b\u0171ncselekm\u00e9nyt k\u00f6vet el vagy T\u00e1rsas\u00e1gunk rendszer\u00e9t t\u00e1madja, az adott l\u00e1togat\u00f3 regisztr\u00e1ci\u00f3j\u00e1nak megsz\u00fcntet\u00e9s\u00e9vel egyidej\u0171leg adatait halad\u00e9ktalanul t\u00f6r\u00f6lj\u00fck, illetve \u2013 sz\u00fcks\u00e9g eset\u00e9n \u2013 meg\u0151rizz\u00fck azokat a polg\u00e1ri jogi felel\u0151ss\u00e9g meg\u00e1llap\u00edt\u00e1s\u00e1nak vagy b\u00fcntet\u0151 elj\u00e1r\u00e1s lefolytat\u00e1s\u00e1nak id\u0151tartama alatt.<\/p>\n<ul>\n<li><strong>Mit kell tudni direkt marketing \u00e9s h\u00edrlev\u00e9l c\u00e9l\u00fa adatkezel\u00e9s\u00fcnkr\u0151l?<\/strong><\/li>\n<\/ul>\n<p>\u00d6n a regisztr\u00e1ci\u00f3 sor\u00e1n tett nyilatkozat\u00e1val vagy k\u00e9s\u0151bb, a web\u00e1ruh\u00e1z fel\u00fclet\u00e9n t\u00e1rolt szem\u00e9lyes adatainak m\u00f3dos\u00edt\u00e1s\u00e1val (azaz hozz\u00e1j\u00e1rul\u00e1si sz\u00e1nd\u00e9ka egy\u00e9rtelm\u0171 kinyilv\u00e1n\u00edt\u00e1s\u00e1val) hozz\u00e1j\u00e1rul\u00e1s\u00e1t adhatja ahhoz, hogy az \u00d6n szem\u00e9lyes adatait marketing c\u00e9lokra is felhaszn\u00e1lhassuk. Ebben az esetben \u2013 a hozz\u00e1j\u00e1rul\u00e1s visszavon\u00e1s\u00e1ig \u2013 az \u00d6n adatait direkt marketing \u00e9s\/vagy h\u00edrlev\u00e9l k\u00fcld\u00e9s c\u00e9lj\u00e1b\u00f3l is kezelj\u00fck \u00e9s az \u00d6n r\u00e9sz\u00e9re rekl\u00e1m- \u00e9s egy\u00e9b k\u00fcldem\u00e9nyeket, valamint t\u00e1j\u00e9koztat\u00f3kat \u00e9s aj\u00e1nlatokat k\u00fcld\u00fcnk \u00e9s\/vagy h\u00edrlevelet tov\u00e1bb\u00edtunk (Grtv. 6. \u00a7).<\/p>\n<p><strong>\u00d6n a hozz\u00e1j\u00e1rul\u00e1s\u00e1t a direkt marketing \u00e9s a h\u00edrlev\u00e9l tekintet\u00e9ben egy\u00fcttesen vagy k\u00fcl\u00f6n-k\u00fcl\u00f6n is megadhatja illetve azt\/azokat ingyenesen \u00e9s b\u00e1rmikor visszavonhatja.<\/strong><\/p>\n<p>A regisztr\u00e1ci\u00f3 t\u00f6rl\u00e9s\u00e9t minden esetben a hozz\u00e1j\u00e1rul\u00e1s visszavon\u00e1s\u00e1nak tekintj\u00fck. A direkt marketing \u00e9s\/vagy h\u00edrlev\u00e9l c\u00e9l\u00fa adatkezel\u00e9shez hozz\u00e1j\u00e1rul\u00e1s visszavon\u00e1s\u00e1t nem \u00e9rtelmezz\u00fck egy\u00fattal a web\u00e1ruh\u00e1zunkkal kapcsolatos adatkezel\u00e9si hozz\u00e1j\u00e1rul\u00e1s visszavon\u00e1s\u00e1nak.<\/p>\n<p>Az egyes hozz\u00e1j\u00e1rul\u00e1sok visszavon\u00e1s\u00e1nak illetve lemond\u00e1snak a regisztr\u00e1l\u00e1s\u00e1t \u2013 technikai okokb\u00f3l \u2013\u00a0 \u2026 napos hat\u00e1rid\u0151vel v\u00e1llaljuk.<\/p>\n<ul>\n<li><strong>Mit kell tudni a nyerem\u00e9nyj\u00e1t\u00e9kokr\u00f3l?<\/strong><\/li>\n<\/ul>\n<p>T\u00e1rsas\u00e1gunk kamp\u00e1nyjelleggel szervezhet nyerem\u00e9nyj\u00e1t\u00e9kokat, melyek eseti felt\u00e9teleit k\u00fcl\u00f6n szab\u00e1lyzat tartalmazza. Az aktu\u00e1lis akci\u00f3 szab\u00e1lyzata minden esetben megtal\u00e1lhat\u00f3 a honlapunk nyit\u00f3 oldal\u00e1n, k\u00f6zponti helyen elhelyezett linken.<\/p>\n<ul>\n<li><strong>Egy\u00e9b adatkezel\u00e9si k\u00e9rd\u00e9sek<\/strong><\/li>\n<\/ul>\n<p>Az \u00d6n adatait csak jogszab\u00e1lyban meghat\u00e1rozott keretek k\u00f6z\u00f6tt tov\u00e1bb\u00edthatjuk, adatfeldolgoz\u00f3ink eset\u00e9ben pedig szerz\u0151d\u00e9ses felt\u00e9telek kik\u00f6t\u00e9s\u00e9vel biztos\u00edtjuk, hogy ne haszn\u00e1lhass\u00e1k az \u00d6n hozz\u00e1j\u00e1rul\u00e1s\u00e1val ellent\u00e9tes c\u00e9lokra az \u00d6n szem\u00e9lyes adatait. Tov\u00e1bbi inform\u00e1ci\u00f3 a 2. pontban tal\u00e1lhat\u00f3.<\/p>\n<p>T\u00e1rsas\u00e1gunk k\u00fclf\u00f6ldre a GDPR \u00e9s az Infotv. vonatkoz\u00f3 rendelkez\u00e9sei alapj\u00e1n tov\u00e1bb\u00edthat csak adatot.<\/p>\n<p>A b\u00edr\u00f3s\u00e1g, az \u00fcgy\u00e9szs\u00e9g \u00e9s m\u00e1s hat\u00f3s\u00e1gok (pl. rend\u0151rs\u00e9g, ad\u00f3hivatal, Nemzeti Adatv\u00e9delmi \u00e9s Inform\u00e1ci\u00f3szabads\u00e1g Hat\u00f3s\u00e1g) t\u00e1j\u00e9koztat\u00e1s ad\u00e1sa, adatok k\u00f6zl\u00e9se vagy iratok rendelkez\u00e9sre bocs\u00e1t\u00e1sa miatt megkereshetik T\u00e1rsas\u00e1gunkat. Ezekben az esetekben adatszolg\u00e1ltat\u00e1si k\u00f6telezetts\u00e9g\u00fcnket teljes\u00edten\u00fcnk kell, de csak a megkeres\u00e9s c\u00e9lj\u00e1nak megval\u00f3s\u00edt\u00e1s\u00e1hoz elengedhetetlen\u00fcl sz\u00fcks\u00e9ges m\u00e9rt\u00e9kben.<\/p>\n<p>T\u00e1rsas\u00e1gunk adatkezel\u00e9s\u00e9ben \u00e9s\/vagy adatfeldolgoz\u00e1s\u00e1ban r\u00e9szt vev\u0151 k\u00f6zrem\u0171k\u00f6d\u0151i \u00e9s munkav\u00e1llal\u00f3i el\u0151re meghat\u00e1rozott m\u00e9rt\u00e9kben \u2013 titoktart\u00e1si k\u00f6telezetts\u00e9g terhe mellett \u2013 jogosultak az \u00d6n szem\u00e9lyes adatait megismerni.<\/p>\n<p>Az \u00d6n szem\u00e9lyes adatait megfelel\u0151 technikai \u00e9s egy\u00e9b int\u00e9zked\u00e9sekkel v\u00e9dj\u00fck, valamint biztos\u00edtjuk az adatok biztons\u00e1g\u00e1t, rendelkez\u00e9sre \u00e1ll\u00e1s\u00e1t, tov\u00e1bb\u00e1 \u00f3vjuk azokat a jogosulatlan hozz\u00e1f\u00e9r\u00e9st\u0151l, megv\u00e1ltoztat\u00e1st\u00f3l, s\u00e9r\u00fcl\u00e9sekt\u0151l illetve nyilv\u00e1noss\u00e1gra hozatalt\u00f3l \u00e9s b\u00e1rmilyen egy\u00e9b jogosulatlan felhaszn\u00e1l\u00e1st\u00f3l.<\/p>\n<p>Szervezeti int\u00e9zked\u00e9sek keret\u00e9ben \u00e9p\u00fcleteinkben ellen\u0151rizz\u00fck a fizikai hozz\u00e1f\u00e9r\u00e9st, munkav\u00e1llal\u00f3inkat folyamatosan oktatjuk \u00e9s a pap\u00edr alap\u00fa dokumentumokat megfelel\u0151 v\u00e9delemmel elz\u00e1rva tartjuk. A technikai int\u00e9zked\u00e9sek keret\u00e9ben titkos\u00edt\u00e1st, jelsz\u00f3v\u00e9delmet \u00e9s v\u00edrusirt\u00f3 szoftvereket haszn\u00e1lunk. Felh\u00edvjuk azonban a figyelm\u00e9t arra, hogy az interneten kereszt\u00fcli adattov\u00e1bb\u00edt\u00e1s nem tekinthet\u0151 teljes k\u00f6r\u0171en biztons\u00e1gos adattov\u00e1bb\u00edt\u00e1snak. T\u00e1rsas\u00e1gunk mindent megtesz annak \u00e9rdek\u00e9ben, hogy a folyamatokat min\u00e9l biztons\u00e1gosabb\u00e1 tegy\u00fck, a weblapunkon kereszt\u00fcl t\u00f6rt\u00e9n\u0151 adattov\u00e1bb\u00edt\u00e1s\u00e9rt azonban nem tudunk teljes felel\u0151ss\u00e9get v\u00e1llalni, \u00e1m a T\u00e1rsas\u00e1gunkhoz be\u00e9rkezett adatok tekintet\u00e9ben szigor\u00fa el\u0151\u00edr\u00e1sokat tartunk be az \u00d6n adatainak biztons\u00e1ga \u00e9s a jogellenes hozz\u00e1f\u00e9r\u00e9s megakad\u00e1lyoz\u00e1sa \u00e9rdek\u00e9ben.<\/p>\n<p>A biztons\u00e1gi k\u00e9rd\u00e9sekkel kapcsolatban k\u00e9rj\u00fck az \u00d6n seg\u00edts\u00e9g\u00e9t abban, hogy gondosan \u0151rizze meg honlapunkhoz \u00e9s\/vagy web\u00e1ruh\u00e1zunkhoz megl\u00e9v\u0151 hozz\u00e1f\u00e9r\u00e9si jelszav\u00e1t \u00e9s ezt a jelsz\u00f3t senkivel se ossza meg.<\/p>\n<ul>\n<li><strong>Melyek az \u00d6n jogai \u00e9s jogorvoslati lehet\u0151s\u00e9gei?<\/strong><\/li>\n<\/ul>\n<p>\u00d6n az adatkezel\u00e9sr\u0151l<\/p>\n<ul>\n<li>t\u00e1j\u00e9koztat\u00e1st k\u00e9rhet,<\/li>\n<li>k\u00e9rheti az \u00e1ltalunk kezelt szem\u00e9lyes adataik helyesb\u00edt\u00e9s\u00e9t, m\u00f3dos\u00edt\u00e1s\u00e1t, kieg\u00e9sz\u00edt\u00e9s\u00e9t,<\/li>\n<li>tiltakozhat az adatkezel\u00e9s ellen \u00e9s k\u00e9rheti adatai t\u00f6rl\u00e9s\u00e9t valamint z\u00e1rol\u00e1s\u00e1t (a k\u00f6telez\u0151 adatkezel\u00e9s kiv\u00e9tel\u00e9vel),<\/li>\n<li>b\u00edr\u00f3s\u00e1g el\u0151tt jogorvoslattal \u00e9lhet,<\/li>\n<li>a fel\u00fcgyel\u0151 hat\u00f3s\u00e1gn\u00e1l panaszt tehet, illetve elj\u00e1r\u00e1st kezdem\u00e9nyezhet (https:\/\/naih.hu\/panaszuegyintezes-rendje.html).<\/li>\n<\/ul>\n<p><strong>Fel\u00fcgyel\u0151 Hat\u00f3s\u00e1g: Nemzeti Adatv\u00e9delmi \u00e9s Inform\u00e1ci\u00f3szabads\u00e1g Hat\u00f3s\u00e1g<\/strong><\/p>\n<ul>\n<li>Sz\u00e9khely: 1125 Budapest, Szil\u00e1gyi Erzs\u00e9bet fasor 22\/c.<\/li>\n<li>Levelez\u00e9si c\u00edm: 1530 Budapest, Pf.: 5.<\/li>\n<li>Telefon: +36 (1) 391-1400<\/li>\n<li>Fax: +36 (1) 391-1410<\/li>\n<li>E-mail:<a href=\"mailto:ugyfelszolgalat@naih.hu\">ugyfelszolgalat@naih.hu<\/a><br \/> Honlap:https:\/\/naih.hu\/<\/li>\n<\/ul>\n<p><strong>Az \u00d6n k\u00e9relm\u00e9re t\u00e1j\u00e9koztat\u00e1st adunk<\/strong>\u00a0az \u00d6n \u00e1ltalunk kezelt, illetve az \u00e1ltalunk \u2013 vagy a megb\u00edzott adatfeldolgoz\u00f3nk \u00e1ltal \u2013 feldolgozott<\/p>\n<ul>\n<li>adatair\u00f3l,<\/li>\n<li>azok forr\u00e1s\u00e1r\u00f3l,<\/li>\n<li>az adatkezel\u00e9s c\u00e9lj\u00e1r\u00f3l \u00e9s jogalapj\u00e1r\u00f3l,<\/li>\n<li>id\u0151tartam\u00e1r\u00f3l, ha pedig ez nem lehets\u00e9ges, ezen id\u0151tartam meghat\u00e1roz\u00e1s\u00e1nak szempontjair\u00f3l,<\/li>\n<li>az adatfeldolgoz\u00f3ink nev\u00e9r\u0151l, c\u00edm\u00e9r\u0151l \u00e9s az adatkezel\u00e9ssel \u00f6sszef\u00fcgg\u0151 tev\u00e9kenys\u00e9g\u00fckr\u0151l,<\/li>\n<li>adatv\u00e9delmi incidensek k\u00f6r\u00fclm\u00e9nyeir\u0151l, hat\u00e1sair\u00f3l \u00e9s az elh\u00e1r\u00edt\u00e1sukra valamint megel\u0151z\u00e9s\u00fckre tett int\u00e9zked\u00e9seinkr\u0151l, tov\u00e1bb\u00e1<\/li>\n<li>az \u00d6n szem\u00e9lyes adatainak tov\u00e1bb\u00edt\u00e1sa eset\u00e9n az adattov\u00e1bb\u00edt\u00e1s jogalapj\u00e1r\u00f3l \u00e9s c\u00edmzettj\u00e9r\u0151l.<\/li>\n<\/ul>\n<p>A k\u00e9relem beny\u00fajt\u00e1s\u00e1t\u00f3l sz\u00e1m\u00edtott legr\u00f6videbb id\u0151 alatt, \u2026\u2026\u2026 napon bel\u00fcl (legfeljebb azonban 1 h\u00f3napon bel\u00fcl) adjuk meg t\u00e1j\u00e9koztat\u00e1sunkat. A t\u00e1j\u00e9koztat\u00e1s ingyenes kiv\u00e9ve akkor, ha \u00d6n a foly\u00f3 \u00e9vben azonos adatk\u00f6rre vonatkoz\u00f3an t\u00e1j\u00e9koztat\u00e1si k\u00e9relmet m\u00e1r ny\u00fajtott be hozz\u00e1nk. Az \u00d6n \u00e1ltal m\u00e1r megfizetett k\u00f6lts\u00e9gt\u00e9r\u00edt\u00e9st visszat\u00e9r\u00edtj\u00fck abban az esetben, ha az adatokat jogellenesen kezelt\u00fck vagy a t\u00e1j\u00e9koztat\u00e1s k\u00e9r\u00e9se helyesb\u00edt\u00e9shez vezetett. A t\u00e1j\u00e9koztat\u00e1st csak t\u00f6rv\u00e9nyben foglalt esetekben tagadhatjuk meg jogszab\u00e1lyi hely megjel\u00f6l\u00e9s\u00e9vel, valamint a b\u00edr\u00f3s\u00e1gi jogorvoslat illetve a Hat\u00f3s\u00e1ghoz fordul\u00e1s lehet\u0151s\u00e9g\u00e9r\u0151l t\u00e1j\u00e9koztat\u00e1ssal.<\/p>\n<p>T\u00e1rsas\u00e1gunk a szem\u00e9lyes adatok helyesb\u00edt\u00e9sr\u0151l, z\u00e1rol\u00e1sr\u00f3l, megjel\u00f6l\u00e9sr\u0151l \u00e9s t\u00f6rl\u00e9sr\u0151l \u00d6nt, tov\u00e1bb\u00e1 mindazokat \u00e9rtes\u00edti, akiknek kor\u00e1bban az adatot adatkezel\u00e9s c\u00e9lj\u00e1ra tov\u00e1bb\u00edtotta, kiv\u00e9ve akkor, ha az \u00e9rtes\u00edt\u00e9s elmarad\u00e1sa az \u00d6n jogos \u00e9rdek\u00e9t nem s\u00e9rti.<\/p>\n<p>Amennyiben az \u00d6n helyesb\u00edt\u00e9s, z\u00e1rol\u00e1s vagy t\u00f6rl\u00e9s ir\u00e1nti k\u00e9relm\u00e9t nem teljes\u00edtj\u00fck, a k\u00e9relem k\u00e9zhezv\u00e9tel\u00e9t k\u00f6vet\u0151 \u2026\u2026\u2026 napon bel\u00fcl (legfeljebb azonban 1 h\u00f3napon bel\u00fcl) \u00edr\u00e1sban vagy \u2013 az \u00d6n hozz\u00e1j\u00e1rul\u00e1s\u00e1val \u2013 elektronikus \u00faton k\u00f6z\u00f6lj\u00fcnk elutas\u00edt\u00e1sunk indokait \u00e9s t\u00e1j\u00e9koztatjuk \u00d6nt a b\u00edr\u00f3s\u00e1gi jogorvoslat, tov\u00e1bb\u00e1 a Hat\u00f3s\u00e1ghoz fordul\u00e1s lehet\u0151s\u00e9g\u00e9r\u0151l.<\/p>\n<p>Amennyiben \u00d6n tiltakozik a szem\u00e9lyes adatai kezel\u00e9se ellen, a tiltakoz\u00e1st a k\u00e9relem beny\u00fajt\u00e1s\u00e1t\u00f3l sz\u00e1m\u00edtott legr\u00f6videbb id\u0151n bel\u00fcl, \u2026\u2026\u2026 napon bel\u00fcl (legfeljebb azonban 1 h\u00f3napon bel\u00fcl) megvizsg\u00e1ljuk \u00e9s a d\u00f6nt\u00e9s\u00fcnkr\u0151l \u00d6nt \u00edr\u00e1sban t\u00e1j\u00e9koztatjuk. Amennyiben \u00fagy d\u00f6nt\u00f6tt\u00fcnk, hogy az \u00d6n tiltakoz\u00e1sa megalapozott, abban az esetben az adatkezel\u00e9st \u2013 bele\u00e9rtve a tov\u00e1bbi adatfelv\u00e9telt \u00e9s adattov\u00e1bb\u00edt\u00e1st is \u2013 megsz\u00fcntetj\u00fck \u00e9s az adatokat z\u00e1roljuk, valamint a tiltakoz\u00e1sr\u00f3l, tov\u00e1bb\u00e1 az annak alapj\u00e1n tett int\u00e9zked\u00e9sekr\u0151l \u00e9rtes\u00edtj\u00fck mindazokat, akik r\u00e9sz\u00e9re a tiltakoz\u00e1ssal \u00e9rintett szem\u00e9lyes adatot kor\u00e1bban tov\u00e1bb\u00edtottuk, \u00e9s akik k\u00f6telesek int\u00e9zkedni a tiltakoz\u00e1si jog \u00e9rv\u00e9nyes\u00edt\u00e9se \u00e9rdek\u00e9ben.<\/p>\n<p>Abban az esetben megtagadjuk a k\u00e9r\u00e9s teljes\u00edt\u00e9s\u00e9t ha bizony\u00edtjuk, hogy az adatkezel\u00e9st olyan k\u00e9nyszer\u00edt\u0151 erej\u0171 jogos okok indokolj\u00e1k, amelyek els\u0151bbs\u00e9get \u00e9lveznek az \u00d6n \u00e9rdekeivel, jogaival \u00e9s szabads\u00e1gaival szemben, vagy amelyek jogi ig\u00e9nyek el\u0151terjeszt\u00e9s\u00e9hez, \u00e9rv\u00e9nyes\u00edt\u00e9s\u00e9hez vagy v\u00e9delm\u00e9hez kapcsol\u00f3dnak. Amennyiben \u00d6n a d\u00f6nt\u00e9s\u00fcnkkel nem \u00e9rt egyet, illetve ha elmulasztjuk a hat\u00e1rid\u0151t, a d\u00f6nt\u00e9s k\u00f6zl\u00e9s\u00e9t\u0151l, illetve a hat\u00e1rid\u0151 utols\u00f3 napj\u00e1t\u00f3l sz\u00e1m\u00edtott 30 napon bel\u00fcl \u00d6n b\u00edr\u00f3s\u00e1ghoz fordulhat.<\/p>\n<p>Az adatv\u00e9delmi perek elb\u00edr\u00e1l\u00e1sa a t\u00f6rv\u00e9nysz\u00e9k hat\u00e1sk\u00f6r\u00e9be tartozik, a per \u2013 az \u00e9rintett v\u00e1laszt\u00e1sa szerint \u2013 az \u00e9rintett lakhelye vagy tart\u00f3zkod\u00e1si helye szerinti t\u00f6rv\u00e9nysz\u00e9k el\u0151tt is megind\u00edthat\u00f3. K\u00fclf\u00f6ldi \u00e1llampolg\u00e1r a lak\u00f3helye szerint illet\u00e9kes fel\u00fcgyeleti hat\u00f3s\u00e1ghoz is fordulhat panasszal.<\/p>\n<p><strong>K\u00e9rj\u00fck \u00d6nt, hogy miel\u0151tt a fel\u00fcgyeleti hat\u00f3s\u00e1ghoz vagy b\u00edr\u00f3s\u00e1ghoz fordulna panasz\u00e1val \u2013 egyeztet\u00e9s \u00e9s a felmer\u00fclt probl\u00e9ma min\u00e9l gyorsabb megold\u00e1sa \u00e9rdek\u00e9ben \u2013 keresse meg T\u00e1rsas\u00e1gunkat.<\/strong><\/p>\n<ul>\n<li><strong>Melyek a f\u0151bb ir\u00e1nyad\u00f3 jogszab\u00e1lyok tev\u00e9kenys\u00e9g\u00fcnkre?<\/strong><\/li>\n<li>a term\u00e9szetes szem\u00e9lyeknek a szem\u00e9lyes adatok kezel\u00e9s\u00e9r\u0151l sz\u00f3l\u00f3 az Eur\u00f3pai Parlament \u00e9s a Tan\u00e1cs (EU) 2016\/679 rendelete (GDPR)<\/li>\n<li>az inform\u00e1ci\u00f3s \u00f6nrendelkez\u00e9si jogr\u00f3l \u00e9s az inform\u00e1ci\u00f3szabads\u00e1gr\u00f3l sz\u00f3l\u00f3 2011. \u00e9vi CXII. t\u00f6rv\u00e9ny \u2013 (Info tv.)<\/li>\n<li>a Polg\u00e1ri T\u00f6rv\u00e9nyk\u00f6nyvr\u0151l sz\u00f3l\u00f3 2013. \u00e9vi V. t\u00f6rv\u00e9ny (Ptk.)<\/li>\n<li>az elektronikus kereskedelmi szolg\u00e1ltat\u00e1sok, valamint az inform\u00e1ci\u00f3s t\u00e1rsadalommal \u00f6sszef\u00fcgg\u0151 szolg\u00e1ltat\u00e1sok egyes k\u00e9rd\u00e9seir\u0151l sz\u00f3l\u00f3 2001. \u00e9vi CVIII. t\u00f6rv\u00e9ny \u2013 (Eker tv.)<\/li>\n<li>az elektronikus h\u00edrk\u00f6zl\u00e9sr\u0151l sz\u00f3l\u00f3 2003. \u00e9vi C. t\u00f6rv\u00e9ny \u2013 (Ehtv)<\/li>\n<li>a fogyaszt\u00f3v\u00e9delemr\u0151l sz\u00f3l\u00f3 1997. \u00e9vi CLV. t\u00f6rv\u00e9ny (Fogyv tv.)<\/li>\n<li>a panaszokr\u00f3l \u00e9s a k\u00f6z\u00e9rdek\u0171 bejelent\u00e9sekr\u0151l sz\u00f3l\u00f3 2013. \u00e9vi CLXV. t\u00f6rv\u00e9ny. (Pktv.)<\/li>\n<li>a gazdas\u00e1gi rekl\u00e1mtev\u00e9kenys\u00e9g alapvet\u0151 felt\u00e9teleir\u0151l \u00e9s egyes korl\u00e1tair\u00f3l sz\u00f3l\u00f3 2008. \u00e9vi XLVIII. t\u00f6rv\u00e9ny (Grtv.)<\/li>\n<li>a sz\u00e1mvitelr\u0151l sz\u00f3l\u00f3 2000. \u00e9vi C. t\u00f6rv\u00e9ny (Sz\u00e1mv tv.)<\/li>\n<\/ul>\n<ol>\n<li><strong>Adatkezel\u00e9si t\u00e1j\u00e9koztat\u00f3 m\u00f3dos\u00edt\u00e1sa<\/strong><\/li>\n<\/ol>\n<p>T\u00e1rsas\u00e1gunk fenntartja mag\u00e1nak a jogot jelen Adatkezel\u00e9si t\u00e1j\u00e9koztat\u00f3 m\u00f3dos\u00edt\u00e1s\u00e1ra, amelyr\u0151l az \u00e9rintetteket megfelel\u0151 m\u00f3don t\u00e1j\u00e9koztatja. Az adatkezel\u00e9ssel kapcsolatos inform\u00e1ci\u00f3k k\u00f6zz\u00e9t\u00e9tele a \u2026. (<em>tarsasag.hu\/adatkezeles)\u2026\u2026<\/em>\u00a0weboldalon t\u00f6rt\u00e9nik.<\/p>\n<p>2021.02.12, Tarnok<\/p>\n<p>&nbsp;<\/p>\n<p>[\/et_pb_text][\/et_pb_column][\/et_pb_row][\/et_pb_section]<\/p>\n","protected":false},"excerpt":{"rendered":"<p>GDPR ADATV\u00c9DELMI T\u00c1J\u00c9KOZTAT\u00d3 amelyben t\u00e1j\u00e9koztatjuk \u00d6nt, mint honlapunk \u00e9s web\u00e1ruh\u00e1zunk l\u00e1togat\u00f3j\u00e1t, valamint szolg\u00e1ltat\u00e1saink ig\u00e9nybe vev\u0151j\u00e9t t\u00e1rsas\u00e1gunk adatkezel\u00e9si \u00e9s adatv\u00e9delmi szab\u00e1lyair\u00f3l. Milyen alapelveket k\u00f6vet\u00fcnk adatkezel\u00e9s\u00fcnk sor\u00e1n? T\u00e1rsas\u00e1gunk az adatkezel\u00e9se sor\u00e1n al\u00e1bbi alapelveket k\u00f6veti: a szem\u00e9lyes adatokat jogszer\u0171en \u00e9s tisztess\u00e9gesen, valamint az \u00d6n sz\u00e1m\u00e1ra \u00e1tl\u00e1that\u00f3an kezelj\u00fck. a szem\u00e9lyes adatokat csak meghat\u00e1rozott, egy\u00e9rtelm\u0171 \u00e9s jogszer\u0171 c\u00e9lb\u00f3l gy\u0171jtj\u00fck \u00e9s [&hellip;]<\/p>\n","protected":false},"author":1,"featured_media":0,"parent":0,"menu_order":0,"comment_status":"closed","ping_status":"closed","template":"","meta":{"_et_pb_use_builder":"on","_et_pb_old_content":"","_et_gb_content_width":"","footnotes":""},"class_list":["post-384","page","type-page","status-publish","hentry"],"aioseo_notices":[],"_links":{"self":[{"href":"https:\/\/erdibeton.hu\/index.php?rest_route=\/wp\/v2\/pages\/384","targetHints":{"allow":["GET"]}}],"collection":[{"href":"https:\/\/erdibeton.hu\/index.php?rest_route=\/wp\/v2\/pages"}],"about":[{"href":"https:\/\/erdibeton.hu\/index.php?rest_route=\/wp\/v2\/types\/page"}],"author":[{"embeddable":true,"href":"https:\/\/erdibeton.hu\/index.php?rest_route=\/wp\/v2\/users\/1"}],"replies":[{"embeddable":true,"href":"https:\/\/erdibeton.hu\/index.php?rest_route=%2Fwp%2Fv2%2Fcomments&post=384"}],"version-history":[{"count":2,"href":"https:\/\/erdibeton.hu\/index.php?rest_route=\/wp\/v2\/pages\/384\/revisions"}],"predecessor-version":[{"id":387,"href":"https:\/\/erdibeton.hu\/index.php?rest_route=\/wp\/v2\/pages\/384\/revisions\/387"}],"wp:attachment":[{"href":"https:\/\/erdibeton.hu\/index.php?rest_route=%2Fwp%2Fv2%2Fmedia&parent=384"}],"curies":[{"name":"wp","href":"https:\/\/api.w.org\/{rel}","templated":true}]}}